{"id":1798,"date":"2021-03-21T09:13:19","date_gmt":"2021-03-21T08:13:19","guid":{"rendered":"http:\/\/localhost:8888\/?page_id=1798"},"modified":"2021-03-31T11:52:03","modified_gmt":"2021-03-31T09:52:03","slug":"id55","status":"publish","type":"page","link":"https:\/\/designbuero-zabel.de\/?page_id=1798","title":{"rendered":"ID55"},"content":{"rendered":"<p><section class=\"fw-main-row  id55-1\" style=\"background-color:#ffffff;\" >\n\t<div class=\"fw-container\">\n\t\t<div class=\"fw-row\">\n\t<div class=\"fw-col-xs-12\">\n\t<img decoding=\"async\" src=\"\/\/designbuero-zabel.de\/wp-content\/uploads\/2021\/03\/01_Titel-4.jpg\" alt=\"\/\/designbuero-zabel.de\/wp-content\/uploads\/2021\/03\/01_Titel-4.jpg\" class=\"\" \/><\/div>\n<\/div>\n\n\t<\/div>\n<\/section>\n<section class=\"fw-main-row  id55-2\" style=\"background-color:#ffffff;\" >\n\t<div class=\"fw-container\">\n\t\t<div class=\"fw-row\">\n\t<div class=\"fw-col-xs-12 fw-col-sm-4\">\n\t<div class=\"id55-2-div-1\"><h1>Eine ausgezeichnete IDee und ihre preisgekr\u00f6nte Umsetzung<\/h1><h2>ID55 \u2013 das Forum f\u00fcr alle, die anders alt werden wollen<\/h2><h3>\u201e(...) in besonderer Weise beispielhaft f\u00fcr die Entwicklung einer innovationsorientierten und qualitativ hochwertigen Dienstleistungswirtschaft im Ruhrgebiet.\u201c<\/h3><p>So sch\u00f6n wie die Ministerien f\u00fcr Wirtschaft, Mittelstand und Energie sowie f\u00fcr Generationen, Familie, Frauen und Integration des Landes NRW h\u00e4tten wir selbst es uns kaum zu formulieren getraut. Mit frischem Mut hatten wir uns am \u201eDienstleistungswettbewerb Ruhrgebiet\u201c beteiligt.<\/p><\/div><div class=\"id55-2-div-2\"><h1>Die Idee:<\/h1><p>eine Initiative f\u00fcr die geburtenstarken Jahrg\u00e4nge zwischen 1950 und 65, die Aktiven neuen \u00c4lteren, die anders aufwuchsen als die Generationen vor ihnen und die auch anders alt werden wollen.<br \/>Mit einem eigenen Magazin, einer Web-Plattform und informativen Veranstaltungen haben wir ein Forum geschaffen, um positiven Gegenentw\u00fcrfen zum herk\u00f6mmlichen \u00c4lterwerden Raum zu geben. <strong>Weil der demografische Wandel schon 2005 f\u00fcr uns mehr war als ein Marketing-Parameter.<\/strong><\/p><\/div><div class=\"id55-2-div-3\"><h2>Na LOGO: Idee und Identit\u00e4t der 55+j\u00e4hrigen mit vier Zeichen ein klares Zeichen geben<\/h2><p>Print, Web und Veranstaltungen ben\u00f6tigten ein Logo und ein Corporate Design \u2013 so modern wie die neuen Oldies.<\/p><\/div><\/div>\n<div class=\"fw-col-xs-12 fw-col-sm-8\">\n\t<img decoding=\"async\" src=\"\/\/designbuero-zabel.de\/wp-content\/uploads\/2021\/03\/02_Auszeichnung.jpg\" alt=\"\/\/designbuero-zabel.de\/wp-content\/uploads\/2021\/03\/02_Auszeichnung.jpg\" class=\"id55-2-img-1\" \/><img decoding=\"async\" src=\"\/\/designbuero-zabel.de\/wp-content\/uploads\/2021\/03\/03_Logo_ID55.png\" alt=\"\/\/designbuero-zabel.de\/wp-content\/uploads\/2021\/03\/03_Logo_ID55.png\" class=\"id55-2-img-2\" \/><\/div>\n<\/div>\n\n<div class=\"fw-row\">\n\t<div class=\"fw-col-xs-12 fw-col-sm-6\">\n\t<img decoding=\"async\" src=\"\/\/designbuero-zabel.de\/wp-content\/uploads\/2021\/03\/04_Webseite_1.png\" alt=\"\/\/designbuero-zabel.de\/wp-content\/uploads\/2021\/03\/04_Webseite_1.png\" class=\"id55-2-img-3\" \/><\/div>\n<div class=\"fw-col-xs-12 fw-col-sm-6\">\n\t<img decoding=\"async\" src=\"\/\/designbuero-zabel.de\/wp-content\/uploads\/2021\/03\/05_Webseite_2.png\" alt=\"\/\/designbuero-zabel.de\/wp-content\/uploads\/2021\/03\/05_Webseite_2.png\" class=\"id55-2-img-4\" \/><\/div>\n<\/div>\n\n\t<\/div>\n<\/section>\n<section class=\"fw-main-row  id55-3\" style=\"background-color:#ffffff;\" >\n\t<div class=\"fw-container\">\n\t\t<div class=\"fw-row\">\n\t<div class=\"fw-col-xs-12\">\n\t<img decoding=\"async\" src=\"\/\/designbuero-zabel.de\/wp-content\/uploads\/2021\/03\/06_Magazine.jpg\" alt=\"\/\/designbuero-zabel.de\/wp-content\/uploads\/2021\/03\/06_Magazine.jpg\" class=\"\" \/><\/div>\n<\/div>\n\n\t<\/div>\n<\/section>\n<section class=\"fw-main-row  id55-4\" style=\"background-color:#ffffff;\" >\n\t<div class=\"fw-container\">\n\t\t<div class=\"fw-row\">\n\t<div class=\"fw-col-xs-12\">\n\t<div class=\"id55-4-div-1\"><h2>ID55, das Magazin:<\/h2><h1>Darauf fahren die neuen Oldies ab<\/h1><p>Eine Generation, die viel zu sagen hat und mit gedruckter Lekt\u00fcre gro\u00df geworden ist. Die hat Spa\u00df an einem 72 Seiten starken Magazin \u2013 wenn\u2019s gut gemacht ist.<\/p><\/div><img decoding=\"async\" src=\"\/\/designbuero-zabel.de\/wp-content\/uploads\/2021\/03\/07_Magazin_Stapel.png\" alt=\"\/\/designbuero-zabel.de\/wp-content\/uploads\/2021\/03\/07_Magazin_Stapel.png\" class=\"id55-4-img-1\" \/><\/div>\n<\/div>\n\n\t<\/div>\n<\/section>\n<section class=\"fw-main-row  id55-5\" style=\"background-color:#d9d9d9;\" >\n\t<div class=\"fw-container\">\n\t\t<div class=\"fw-row\">\n\t<div class=\"fw-col-xs-12\">\n\t<div class=\"id55-5-div-1\"><h2>Klassisch modern<\/h2><p>... sieht gut aus und liest sich prima weg: Doppelseite f\u00fcr Doppelseite.<\/p><\/div><\/div>\n<\/div>\n\n<div class=\"fw-row\">\n\t<div class=\"fw-col-xs-12 fw-col-sm-6\">\n\t<img decoding=\"async\" src=\"\/\/designbuero-zabel.de\/wp-content\/uploads\/2021\/03\/09_Mockup_1.png\" alt=\"\/\/designbuero-zabel.de\/wp-content\/uploads\/2021\/03\/09_Mockup_1.png\" class=\"id55-5-img-1\" \/><\/div>\n<div class=\"fw-col-xs-12 fw-col-sm-6\">\n\t<img decoding=\"async\" src=\"\/\/designbuero-zabel.de\/wp-content\/uploads\/2021\/03\/10_Mockup_2.png\" alt=\"\/\/designbuero-zabel.de\/wp-content\/uploads\/2021\/03\/10_Mockup_2.png\" class=\"id55-5-img-1 id55-5-img-1-mob\" \/><\/div>\n<\/div>\n\n<div class=\"fw-row\">\n\t<div class=\"fw-col-xs-12 fw-col-sm-6\">\n\t<img decoding=\"async\" src=\"\/\/designbuero-zabel.de\/wp-content\/uploads\/2021\/03\/11_Mockup_3.png\" alt=\"\/\/designbuero-zabel.de\/wp-content\/uploads\/2021\/03\/11_Mockup_3.png\" class=\"id55-5-img-1\" \/><\/div>\n<div class=\"fw-col-xs-12 fw-col-sm-6\">\n\t<img decoding=\"async\" src=\"\/\/designbuero-zabel.de\/wp-content\/uploads\/2021\/03\/12_Mockup_4.png\" alt=\"\/\/designbuero-zabel.de\/wp-content\/uploads\/2021\/03\/12_Mockup_4.png\" class=\"id55-5-img-1\" \/><\/div>\n<\/div>\n\n\t<\/div>\n<\/section>\n<section class=\"fw-main-row  id55-6\" style=\"background-color:#ffffff;\" >\n\t<div class=\"fw-container\">\n\t\t<div class=\"fw-row\">\n\t<div class=\"fw-col-xs-12\">\n\t<img decoding=\"async\" src=\"\/\/designbuero-zabel.de\/wp-content\/uploads\/2021\/03\/12_Magazine_flat.png\" alt=\"\/\/designbuero-zabel.de\/wp-content\/uploads\/2021\/03\/12_Magazine_flat.png\" class=\"id55-6-img-1\" \/><\/div>\n<\/div>\n\n\t<\/div>\n<\/section>\n<section class=\"fw-main-row  id55-7\" style=\"background-color:#ffffff;\" >\n\t<div class=\"fw-container\">\n\t\t<div class=\"fw-row\">\n\t<div class=\"fw-col-xs-12 fw-col-sm-3\">\n\t<img decoding=\"async\" src=\"\/\/designbuero-zabel.de\/wp-content\/uploads\/2021\/03\/13_Media_1.png\" alt=\"\/\/designbuero-zabel.de\/wp-content\/uploads\/2021\/03\/13_Media_1.png\" class=\"id55-7-img-1\" \/><\/div>\n<div class=\"fw-col-xs-12 fw-col-sm-3\">\n\t<img decoding=\"async\" src=\"\/\/designbuero-zabel.de\/wp-content\/uploads\/2021\/03\/14_Media_2.png\" alt=\"\/\/designbuero-zabel.de\/wp-content\/uploads\/2021\/03\/14_Media_2.png\" class=\"id55-7-img-1\" \/><\/div>\n<div class=\"fw-col-xs-12 fw-col-sm-3\">\n\t<img decoding=\"async\" src=\"\/\/designbuero-zabel.de\/wp-content\/uploads\/2021\/03\/15_Media_3.png\" alt=\"\/\/designbuero-zabel.de\/wp-content\/uploads\/2021\/03\/15_Media_3.png\" class=\"id55-7-img-1\" \/><\/div>\n<div class=\"fw-col-xs-12 fw-col-sm-3\">\n\t<img decoding=\"async\" src=\"\/\/designbuero-zabel.de\/wp-content\/uploads\/2021\/03\/16_Media_4.png\" alt=\"\/\/designbuero-zabel.de\/wp-content\/uploads\/2021\/03\/16_Media_4.png\" class=\"id55-7-img-1\" \/><\/div>\n<\/div>\n\n<div class=\"fw-row\">\n\t<div class=\"fw-col-xs-12 fw-col-sm-6\">\n\t<div class=\"id55-7-div-1\"><h2>Der Kongress \u201eWir sind viele und \u00e4ndern alles.\u201c<\/h2><p>... wenn mensch sich so viel vornimmt, braucht es eine ordnende Kraft. Vom Ordner mit Unterlagen zu den Workshops und sonstigen Programmpunkten bis zum Namensschildchen haben wir dem Ganzen Struktur gegeben.<\/p><\/div><img decoding=\"async\" src=\"\/\/designbuero-zabel.de\/wp-content\/uploads\/2021\/03\/17_Tasche.png\" alt=\"\/\/designbuero-zabel.de\/wp-content\/uploads\/2021\/03\/17_Tasche.png\" class=\"id55-7-img-2\" \/><\/div>\n<div class=\"fw-col-xs-12 fw-col-sm-6\">\n\t<img decoding=\"async\" src=\"\/\/designbuero-zabel.de\/wp-content\/uploads\/2021\/03\/18_Ordner.png\" alt=\"\/\/designbuero-zabel.de\/wp-content\/uploads\/2021\/03\/18_Ordner.png\" class=\"id55-7-img-3\" \/><\/div>\n<\/div>\n\n\t<\/div>\n<\/section>\n<section class=\"fw-main-row  id55-8\" style=\"background-color:#999999;\" >\n\t<div class=\"fw-container\">\n\t\t<div class=\"fw-row\">\n\t<div class=\"fw-col-xs-12 fw-col-sm-6\">\n\t<img decoding=\"async\" src=\"\/\/designbuero-zabel.de\/wp-content\/uploads\/2021\/03\/19_Ordner_1.png\" alt=\"\/\/designbuero-zabel.de\/wp-content\/uploads\/2021\/03\/19_Ordner_1.png\" class=\"id55-8-img-1\" \/><\/div>\n<div class=\"fw-col-xs-12 fw-col-sm-6\">\n\t<img decoding=\"async\" src=\"\/\/designbuero-zabel.de\/wp-content\/uploads\/2021\/03\/20_Ordner_2.png\" alt=\"\/\/designbuero-zabel.de\/wp-content\/uploads\/2021\/03\/20_Ordner_2.png\" class=\"id55-8-img-1\" \/><\/div>\n<\/div>\n\n<div class=\"fw-row\">\n\t<div class=\"fw-col-xs-12 fw-col-sm-6\">\n\t<img decoding=\"async\" src=\"\/\/designbuero-zabel.de\/wp-content\/uploads\/2021\/03\/21_Ordner_3.png\" alt=\"\/\/designbuero-zabel.de\/wp-content\/uploads\/2021\/03\/21_Ordner_3.png\" class=\"id55-8-img-2\" \/><\/div>\n<div class=\"fw-col-xs-12 fw-col-sm-6\">\n\t<img decoding=\"async\" src=\"\/\/designbuero-zabel.de\/wp-content\/uploads\/2021\/03\/22_Ordner_4.png\" alt=\"\/\/designbuero-zabel.de\/wp-content\/uploads\/2021\/03\/22_Ordner_4.png\" class=\"id55-8-img-2\" \/><\/div>\n<\/div>\n\n\t<\/div>\n<\/section>\n<section class=\"fw-main-row  id55-9\" style=\"background-color:#ffffff;\" >\n\t<div class=\"fw-container\">\n\t\t<div class=\"fw-row\">\n\t<div class=\"fw-col-xs-12 fw-col-sm-3\">\n\t<div class=\"id55-9-div-1\"><h2>Galerie<br \/>\u201eGesichter des Wandels\u201c<\/h2><p>Der demografische Wandel hat viele Gesichter, also zeigen wir mal welche:<\/p><\/div><\/div>\n<div class=\"fw-col-xs-12 fw-col-sm-9\">\n\t<\/div>\n<\/div>\n\n<div class=\"fw-row\">\n\t<div class=\"fw-col-xs-12 fw-col-sm-3\">\n\t<img decoding=\"async\" src=\"\/\/designbuero-zabel.de\/wp-content\/uploads\/2021\/03\/23_Menschen_1.png\" alt=\"\/\/designbuero-zabel.de\/wp-content\/uploads\/2021\/03\/23_Menschen_1.png\" class=\"id55-9-img-1\" \/><\/div>\n<div class=\"fw-col-xs-12 fw-col-sm-3\">\n\t<img decoding=\"async\" src=\"\/\/designbuero-zabel.de\/wp-content\/uploads\/2021\/03\/24_Menschen_2.png\" alt=\"\/\/designbuero-zabel.de\/wp-content\/uploads\/2021\/03\/24_Menschen_2.png\" class=\"id55-9-img-1\" \/><\/div>\n<div class=\"fw-col-xs-12 fw-col-sm-3\">\n\t<img decoding=\"async\" src=\"\/\/designbuero-zabel.de\/wp-content\/uploads\/2021\/03\/25_Menschen_3.png\" alt=\"\/\/designbuero-zabel.de\/wp-content\/uploads\/2021\/03\/25_Menschen_3.png\" class=\"id55-9-img-1\" \/><\/div>\n<div class=\"fw-col-xs-12 fw-col-sm-3\">\n\t<img decoding=\"async\" src=\"\/\/designbuero-zabel.de\/wp-content\/uploads\/2021\/03\/26_Menschen_4.png\" alt=\"\/\/designbuero-zabel.de\/wp-content\/uploads\/2021\/03\/26_Menschen_4.png\" class=\"id55-9-img-1\" \/><\/div>\n<\/div>\n\n<div class=\"fw-row\">\n\t<div class=\"fw-col-xs-12 fw-col-sm-3\">\n\t<div class=\"id55-9-div-2\"><h2>Kann mensch auch so sehen<\/h2><p>\u00dcber 350 Prominente und \u201eNormalb\u00fcrger*innen\u201c folgten unserem \u00fcber die Tagespresse verbreiteten Aufruf. So entstanden Fotos jenseits von Stock- Abziehbildern, Ann\u00e4herungen an das Selbstbild der Portr\u00e4tierten, frei von Klischees.<\/p><\/div><\/div>\n<div class=\"fw-col-xs-12 fw-col-sm-3\">\n\t<img decoding=\"async\" src=\"\/\/designbuero-zabel.de\/wp-content\/uploads\/2021\/03\/27_Menschen_5.png\" alt=\"\/\/designbuero-zabel.de\/wp-content\/uploads\/2021\/03\/27_Menschen_5.png\" class=\"id55-9-img-1\" \/><\/div>\n<div class=\"fw-col-xs-12 fw-col-sm-3\">\n\t<img decoding=\"async\" src=\"\/\/designbuero-zabel.de\/wp-content\/uploads\/2021\/03\/28_Menschen_6.png\" alt=\"\/\/designbuero-zabel.de\/wp-content\/uploads\/2021\/03\/28_Menschen_6.png\" class=\"id55-9-img-1\" \/><\/div>\n<div class=\"fw-col-xs-12 fw-col-sm-3\">\n\t<img decoding=\"async\" src=\"\/\/designbuero-zabel.de\/wp-content\/uploads\/2021\/03\/29_Menschen_7.png\" alt=\"\/\/designbuero-zabel.de\/wp-content\/uploads\/2021\/03\/29_Menschen_7.png\" class=\"id55-9-img-1\" \/><\/div>\n<\/div>\n\n<div class=\"fw-row\">\n\t<div class=\"fw-col-xs-12 fw-col-sm-4\">\n\t<div class=\"id55-9-div-3\"><h2>Reden wir dar\u00fcber<\/h2><p>Auf mehreren \u00f6ffentlichen Veranstaltungen (wie hier in der VHS-Herne) war unsere Galerie zu sehen. Henning Scherf war 1950 zwar schon 12 Jahre alt, aber er wusste einiges zu den gro\u00dfen ID55-Themenbl\u00f6cken zu sagen. Insbesondere zu \u201eWohnen in der 2. Lebensh\u00e4lfte\u201c konnte er Erfahrungen aus seiner Oldie-WG beisteuern \u2013 und dabei bezog er sich nicht auf die Bremer Stadtmusikanten.<\/p><\/div><\/div>\n<div class=\"fw-col-xs-12 fw-col-sm-8\">\n\t<\/div>\n<\/div>\n\n<div class=\"fw-row\">\n\t<div class=\"fw-col-xs-12\">\n\t<img decoding=\"async\" src=\"\/\/designbuero-zabel.de\/wp-content\/uploads\/2021\/03\/30_Event_VHS.png\" alt=\"\/\/designbuero-zabel.de\/wp-content\/uploads\/2021\/03\/30_Event_VHS.png\" class=\"id55-9-img-2\" \/><\/div>\n<\/div>\n\n\t<\/div>\n<\/section>\n<\/p>\n","protected":false},"excerpt":{"rendered":"<p>Eine ausgezeichnete IDee und ihre preisgekr\u00f6nte UmsetzungID55 \u2013 das Forum f\u00fcr alle, die anders alt werden wollen\u201e(&#8230;) in besonderer Weise beispielhaft f\u00fcr die Entwicklung einer innovationsorientierten und qualitativ hochwertigen Dienstleistungswirtschaft im Ruhrgebiet.\u201cSo sch\u00f6n wie die Ministerien f\u00fcr Wirtschaft, Mittelstand und Energie sowie f\u00fcr Generationen, Familie, Frauen und Integration des Landes NRW h\u00e4tten wir selbst es [&hellip;]<\/p>\n","protected":false},"author":1,"featured_media":0,"parent":0,"menu_order":0,"comment_status":"closed","ping_status":"closed","template":"","meta":{"footnotes":""},"class_list":["post-1798","page","type-page","status-publish","hentry"],"_links":{"self":[{"href":"https:\/\/designbuero-zabel.de\/index.php?rest_route=\/wp\/v2\/pages\/1798","targetHints":{"allow":["GET"]}}],"collection":[{"href":"https:\/\/designbuero-zabel.de\/index.php?rest_route=\/wp\/v2\/pages"}],"about":[{"href":"https:\/\/designbuero-zabel.de\/index.php?rest_route=\/wp\/v2\/types\/page"}],"author":[{"embeddable":true,"href":"https:\/\/designbuero-zabel.de\/index.php?rest_route=\/wp\/v2\/users\/1"}],"replies":[{"embeddable":true,"href":"https:\/\/designbuero-zabel.de\/index.php?rest_route=%2Fwp%2Fv2%2Fcomments&post=1798"}],"version-history":[{"count":29,"href":"https:\/\/designbuero-zabel.de\/index.php?rest_route=\/wp\/v2\/pages\/1798\/revisions"}],"predecessor-version":[{"id":2288,"href":"https:\/\/designbuero-zabel.de\/index.php?rest_route=\/wp\/v2\/pages\/1798\/revisions\/2288"}],"wp:attachment":[{"href":"https:\/\/designbuero-zabel.de\/index.php?rest_route=%2Fwp%2Fv2%2Fmedia&parent=1798"}],"curies":[{"name":"wp","href":"https:\/\/api.w.org\/{rel}","templated":true}]}}