{"id":564,"date":"2021-01-26T08:24:50","date_gmt":"2021-01-26T07:24:50","guid":{"rendered":"http:\/\/www.lp-zfb.byethost7.com\/WP_designbuero-zabel.de\/?page_id=564"},"modified":"2022-03-15T08:34:33","modified_gmt":"2022-03-15T07:34:33","slug":"impressum","status":"publish","type":"page","link":"https:\/\/designbuero-zabel.de\/?page_id=564","title":{"rendered":"Impressum"},"content":{"rendered":"<p><section class=\"fw-main-row  imressum-image\" style=\"background-color:#000000;\" >\n\t<div class=\"fw-container\">\n\t\t<div class=\"fw-row\">\n\t<div class=\"fw-col-xs-12\">\n\t<img decoding=\"async\" src=\"\/\/designbuero-zabel.de\/wp-content\/uploads\/2021\/01\/01_titel-1.jpg\" alt=\"\/\/designbuero-zabel.de\/wp-content\/uploads\/2021\/01\/01_titel-1.jpg\" class=\"\" \/><\/div>\n<\/div>\n\n\t<\/div>\n<\/section>\n<section class=\"fw-main-row  impressum\" style=\"background-color:#000000;\" >\n\t<div class=\"fw-container\">\n\t\t<div class=\"fw-row\">\n\t<div class=\"fw-col-xs-12\">\n\t<h1 class=\"impressum-header\">Impressum<\/h1><\/div>\n<\/div>\n\n<div class=\"fw-row\">\n\t<div class=\"fw-col-xs-12 fw-col-sm-6\">\n\t<h1>Angaben gem\u00e4\u00df \u00a7 5 TMG<\/h1><p>Designb\u00fcro Zabel im Werkkontor<br \/>Holzstra\u00dfe 164<br \/>44869 Bochum<\/p><h2>Inhaberin<\/h2><p>Dipl.-Kom.-Des. Susanne Zabel<\/p><h2>Kontakt<\/h2><p>Telefon: 0234-37999867<br \/>E-Mail: zabel@designbuero-zabel.de<\/p><h1>AGB<\/h1><p>Die allgemeinen Gesch\u00e4ftsbedingungen (AGB) der Agentur Designb\u00fcro Zabel im Werkkontor: <a href=\"https:\/\/designbuero-zabel.de\/wp-content\/uploads\/2021\/01\/AGBs_DZ.pdf\" target=\"_blank\" rel=\"noopener\">Hier als PDF herunterladen<\/a><\/p><h1>Umsatzsteuer<\/h1><p>Umsatzsteuer-Identifikationsnummer gem\u00e4\u00df \u00a727a<br \/>Umsatzsteuergesetz: DE151629998<\/p><h1>Verantwortlich f\u00fcr den Inhalt<br \/>nach \u00a7 55 Abs. 2 RStV<\/h1><p>Dipl.-Kom.-Des. Susanne Zabel<br \/>Holzstra\u00dfe 164<br \/>44869 Bochum<\/p><h1>Streitschlichtung<\/h1><p>Die Europ\u00e4ische Kommission stellt eine Plattform zur Online- Streitbeilegung (OS) bereit: <a href=\"https:\/\/ec.europa.eu\/consumers\/odr\" target=\"_blank\" rel=\"noopener\">https:\/\/ec.europa.eu\/ consumers\/ odr.<\/a><\/p><p>Unsere E-Mail-Adresse finden Sie oben.<\/p><p>Wir sind nicht bereit oder verpflichtet,<br \/>an Streitbeilegungsverfahren vor einer Verbraucherschlichtungsstelle teilzunehmen.<\/p><\/div>\n<div class=\"fw-col-xs-12 fw-col-sm-6\">\n\t<h1>Haftung f\u00fcr Inhalte<\/h1><p>Als Diensteanbieter sind wir gem\u00e4\u00df \u00a7 7 Abs.1 TMG f\u00fcr eigene Inhalte auf diesen Seiten nach den allgemeinen Gesetzen verantwortlich. Nach \u00a7\u00a7 8 bis 10 TMG sind wir als Diensteanbieter jedoch nicht verpflichtet, \u00fcbermittelte oder gespeicherte fremde Informationen zu \u00fcberwachen oder nach Umst\u00e4nden zu forschen, die auf eine rechtswidrige T\u00e4tigkeit hinweisen.<\/p><p>Verpflichtungen zur Entfernung oder Sperrung der Nutzung von Informationen nach den allgemeinen Gesetzen bleiben hiervon unber\u00fchrt. Eine diesbez\u00fcgliche Haftung ist jedoch erst ab dem Zeitpunkt der Kenntnis einer konkreten Rechtsverletzung m\u00f6glich. Bei Bekanntwerden von entsprechenden Rechtsverletzungen werden wir diese Inhalte umgehend entfernen.<\/p><h1>Haftung f\u00fcr Links<\/h1><p>Unser Angebot enth\u00e4lt Links zu externen Websites Dritter, auf deren Inhalte wir keinen Einfluss haben. Deshalb k\u00f6nnen wir f\u00fcr diese fremden Inhalte auch keine Gew\u00e4hr \u00fcbernehmen. F\u00fcr die Inhalte der verlinkten Seiten ist stets der jeweilige Anbieter oder Betreiber der Seiten verantwortlich. Die verlinkten Seiten wurden zum Zeitpunkt der Verlinkung auf m\u00f6gliche Rechtsverst\u00f6\u00dfe \u00fcberpr\u00fcft. Rechtswidrige Inhalte waren zum Zeitpunkt der Verlinkung nicht erkennbar.<\/p><p>Eine permanente inhaltliche Kontrolle der verlinkten Seiten ist jedoch ohne konkrete Anhaltspunkte einer Rechtsverletzung nicht zumutbar. Bei Bekanntwerden von Rechtsverletzungen werden wir derartige Links umgehend entfernen.<\/p><h1>Urheberrecht<\/h1><p>Die durch die Seitenbetreiber erstellten Inhalte und Werke auf diesen Seiten unterliegen dem deutschen Urheberrecht. Die Vervielf\u00e4ltigung, Bearbeitung, Verbreitung und jede Art der Verwertung au\u00dferhalb der Grenzen des Urheberrechtes bed\u00fcrfen der schriftlichen Zustimmung des jeweiligen Autors bzw. Erstellers. Downloads und Kopien dieser Seite sind nur f\u00fcr den privaten, nicht kommerziellen Gebrauch gestattet.<\/p><p>Soweit die Inhalte auf dieser Seite nicht vom Betreiber erstellt wurden, werden die Urheberrechte Dritter<br \/>beachtet. Insbesondere werden Inhalte Dritter als<br \/>solche gekennzeichnet. Sollten Sie trotzdem auf eine Urheberrechtsverletzung aufmerksam werden, bitten wir um einen entsprechenden Hinweis. Bei Bekanntwerden von Rechtsverletzungen werden wir derartige Inhalte umgehend entfernen.<\/p><\/div>\n<\/div>\n\n<div class=\"fw-row\">\n\t<div class=\"fw-col-xs-12\">\n\t\n\t<div class=\"fw-divider-space\" style=\"padding-top: 150px;\"><\/div>\n<\/div>\n<\/div>\n\n<div class=\"fw-row\">\n\t<div class=\"fw-col-xs-12\">\n\t<h1 class=\"impressum-header\">Datenschutz<\/h1><\/div>\n<\/div>\n\n<div class=\"fw-row\">\n\t<div class=\"fw-col-xs-12 fw-col-sm-6\">\n\t<h1>1. Datenschutz auf einen Blick<\/h1><h2>Allgemeine Hinweise<\/h2><p>Die folgenden Hinweise geben einen einfachen \u00dcberblick dar\u00fcber, was mit Ihren personenbezogenen Daten passiert, wenn Sie unsere Website besuchen. Personenbezogene Daten sind alle Daten, mit denen Sie pers\u00f6nlich identifiziert werden k\u00f6nnen. Ausf\u00fchrliche Informationen zum Thema Datenschutz entnehmen Sie unserer unter diesem Text aufgef\u00fchrten Datenschutzerkl\u00e4rung.<\/p><p>Datenerfassung auf unserer Website<\/p><p><strong>Wer ist verantwortlich f\u00fcr die Datenerfassung auf dieser Website?<\/strong><\/p><p>Die Datenverarbeitung auf dieser Website erfolgt durch den Websitebetreiber. Dessen Kontaktdaten k\u00f6nnen Sie dem Impressum dieser Website entnehmen.<\/p><p><strong>Wie erfassen wir Ihre Daten?<\/strong><\/p><p>Ihre Daten werden zum einen dadurch erhoben, dass Sie uns diese mitteilen. Hierbei kann es sich z.B. um Daten handeln, die Sie in ein Kontaktformular eingeben.<\/p><p>Andere Daten werden automatisch beim Besuch der Website durch unsere IT-Systeme erfasst. Das sind vor allem technische Daten (z.B. Internetbrowser, Betriebssystem oder Uhrzeit des Seitenaufrufs). Die Erfassung dieser Daten erfolgt automatisch, sobald Sie unsere Website betreten.<\/p><p><strong>Wof\u00fcr nutzen wir Ihre Daten?<\/strong><\/p><p>Ein Teil der Daten wird erhoben, um eine fehlerfreie Bereitstellung der Website zu gew\u00e4hrleisten. Andere Daten k\u00f6nnen zur Analyse Ihres Nutzerverhaltens verwendet werden.<\/p><p><strong>Welche Rechte haben Sie bez\u00fcglich Ihrer Daten?<\/strong><\/p><p>Sie haben jederzeit das Recht unentgeltlich Auskunft \u00fcber Herkunft, Empf\u00e4nger und Zweck Ihrer gespeicherten personenbezogenen Daten zu erhalten. Sie haben au\u00dferdem ein Recht, die Berichtigung, Sperrung oder L\u00f6schung dieser Daten zu verlangen. Hierzu sowie zu weiteren Fragen zum Thema Datenschutz k\u00f6nnen Sie sich jederzeit unter der im Impressum angegebenen Adresse an uns wenden. Des Weiteren steht Ihnen ein Beschwerderecht bei der zust\u00e4ndigen Aufsichtsbeh\u00f6rde zu.<\/p><h2>Analyse-Tools und Tools von Drittanbietern<\/h2><p>Beim Besuch unserer Website kann Ihr Surf-Verhalten statistisch ausgewertet werden. Das geschieht vor allem mit Cookies und mit sogenannten Analyseprogrammen. Die Analyse Ihres Surf-Verhaltens erfolgt in der Regel anonym; das Surf-Verhalten kann nicht zu Ihnen zur\u00fcckverfolgt werden. Sie k\u00f6nnen dieser Analyse widersprechen oder sie durch die Nichtbenutzung bestimmter Tools verhindern. Detaillierte Informationen dazu finden Sie in der folgenden Datenschutzerkl\u00e4rung.<\/p><p>Sie k\u00f6nnen dieser Analyse widersprechen. \u00dcber die Widerspruchsm\u00f6glichkeiten werden wir Sie in dieser Datenschutzerkl\u00e4rung informieren.<\/p><h1>2. Allgemeine Hinweise und Pflichtinformationen<\/h1><h2>Datenschutz<\/h2><p>Die Betreiber dieser Seiten nehmen den Schutz Ihrer pers\u00f6nlichen Daten sehr ernst. Wir behandeln Ihre personenbezogenen Daten vertraulich und entsprechend der gesetzlichen Datenschutzvorschriften sowie dieser Datenschutzerkl\u00e4rung.<\/p><p>Wenn Sie diese Website benutzen, werden verschiedene personenbezogene Daten erhoben. Personenbezogene Daten sind Daten, mit denen Sie pers\u00f6nlich identifiziert werden k\u00f6nnen. Die vorliegende Datenschutzerkl\u00e4rung erl\u00e4utert, welche Daten wir erheben und wof\u00fcr wir sie nutzen. Sie erl\u00e4utert auch, wie und zu welchem Zweck das geschieht.<\/p><p>Wir weisen darauf hin, dass die Daten\u00fcbertragung im Internet (z.B. bei der Kommunikation per E-Mail) Sicherheitsl\u00fccken aufweisen kann. Ein l\u00fcckenloser Schutz der Daten vor dem Zugriff durch Dritte ist nicht m\u00f6glich.<\/p><h2>Hinweis zur verantwortlichen Stelle<\/h2><p><strong>Die verantwortliche Stelle f\u00fcr die Datenverarbeitung auf dieser Website ist:<\/strong><\/p><p>Designb\u00fcro Zabel im Werk.Kontor<br \/>Susanne Zabel<br \/>Hattinger Stra\u00dfe 417<br \/>44795 Bochum<br \/>Telefon: 0234 37999867<br \/>E-Mail: zabel@designbuero-zabel.de<\/p><p>Verantwortliche Stelle ist die nat\u00fcrliche oder juristische Person, die allein oder gemeinsam mit anderen \u00fcber die Zwecke und Mittel der Verarbeitung von personenbezogenen Daten (z.B. Namen, E-Mail-Adressen o. \u00c4.) entscheidet.<\/p><h2>Widerruf Ihrer Einwilligung zur Datenverarbeitung<\/h2><p>Viele Datenverarbeitungsvorg\u00e4nge sind nur mit Ihrer ausdr\u00fccklichen Einwilligung m\u00f6glich. Sie k\u00f6nnen eine bereits erteilte Einwilligung jederzeit widerrufen. Dazu reicht eine formlose Mitteilung per E-Mail an uns. Die Rechtm\u00e4\u00dfigkeit der bis zum Widerruf erfolgten Datenverarbeitung bleibt vom Widerruf unber\u00fchrt.<\/p><h2>Beschwerderecht bei der zust\u00e4ndigen Aufsichtsbeh\u00f6rde<\/h2><p>Im Falle datenschutzrechtlicher Verst\u00f6\u00dfe steht dem Betroffenen ein Beschwerderecht bei der zust\u00e4ndigen Aufsichtsbeh\u00f6rde zu. Zust\u00e4ndige Aufsichtsbeh\u00f6rde in datenschutzrechtlichen Fragen ist der Landesdatenschutzbeauftragte des Bundeslandes, in dem unser Unternehmen seinen Sitz hat. Eine Liste der Datenschutzbeauftragten sowie deren Kontaktdaten k\u00f6nnen folgendem Link entnommen werden: <a href=\"https:\/\/www.bfdi.bund.de\/DE\/Infothek\/Anschriften_Links\/anschriften_links-node.html\" target=\"_blank\" rel=\"noopener\">https:\/\/www.bfdi.bund.de\/ DE\/ Infothek\/ Anschriften_Links\/ anschriften_links-node.html<\/a><\/p><h2>Recht auf Daten\u00fcbertragbarkeit<\/h2><p>Sie haben das Recht, Daten, die wir auf Grundlage Ihrer Einwilligung oder in Erf\u00fcllung eines Vertrags automatisiert verarbeiten, an sich oder an einen Dritten in einem g\u00e4ngigen, maschinenlesbaren Format aush\u00e4ndigen zu lassen. Sofern Sie die direkte \u00dcbertragung der Daten an einen anderen Verantwortlichen verlangen, erfolgt dies nur, soweit es technisch machbar ist.<\/p><h2>SSL- bzw. TLS-Verschl\u00fcsselung<\/h2><p>Diese Seite nutzt aus Sicherheitsgr\u00fcnden und zum<br \/>Schutz der \u00dcbertragung vertraulicher Inhalte, wie zum Beispiel Bestellungen oder Anfragen, die Sie an uns als Seitenbetreiber senden, eine SSL-bzw. TLS-Verschl\u00fcsselung. Eine verschl\u00fcsselte Verbindung erkennen Sie daran, dass die Adresszeile des Browsers von \u201chttp:\/\/\u201d auf \u201chttps:\/\/\u201d wechselt und an dem Schloss-Symbol in Ihrer Browserzeile.<\/p><p>Wenn die SSL- bzw. TLS-Verschl\u00fcsselung aktiviert ist, k\u00f6nnen die Daten, die Sie an uns \u00fcbermitteln, nicht von Dritten mitgelesen werden.<\/p><h2>Auskunft, Sperrung, L\u00f6schung<\/h2><p>Sie haben im Rahmen der geltenden gesetzlichen Bestimmungen jederzeit das Recht auf unentgeltliche Auskunft \u00fcber Ihre gespeicherten personenbezogenen<br \/>Daten, deren Herkunft und Empf\u00e4nger und den Zweck der Datenverarbeitung und ggf. ein Recht auf Berichtigung, Sperrung oder L\u00f6schung dieser Daten. Hierzu sowie zu weiteren Fragen zum Thema personenbezogene Daten k\u00f6nnen Sie sich jederzeit unter der im Impressum angegebenen Adresse an uns wenden.<\/p><h2>Widerspruch gegen Werbe-Mails<\/h2><p>Der Nutzung von im Rahmen der Impressumspflicht ver\u00f6ffentlichten Kontaktdaten zur \u00dcbersendung<br \/>von nicht ausdr\u00fccklich angeforderter Werbung und Informationsmaterialien wird hiermit widersprochen. Die Betreiber der Seiten behalten sich ausdr\u00fccklich rechtliche Schritte im Falle der unverlangten Zusendung von Werbeinformationen, etwa durch Spam-E-Mails, vor.<\/p><h1>3. Datenerfassung auf unserer Website<\/h1><h2>Cookies<\/h2><p>Die Internetseiten verwenden teilweise so genannte Cookies. Cookies richten auf Ihrem Rechner keinen Schaden an und enthalten keine Viren. Cookies dienen dazu, unser Angebot nutzerfreundlicher, effektiver und sicherer zu machen. Cookies sind kleine Textdateien, die auf Ihrem Rechner abgelegt werden und die Ihr Browser speichert.<\/p><p>Die meisten der von uns verwendeten Cookies sind so genannte \u201cSession-Cookies\u201d. Sie werden nach Ende Ihres Besuchs automatisch gel\u00f6scht. Andere Cookies bleiben auf Ihrem Endger\u00e4t gespeichert bis Sie diese l\u00f6schen. Diese Cookies erm\u00f6glichen es uns, Ihren Browser beim n\u00e4chsten Besuch wiederzuerkennen.<\/p><p>Sie k\u00f6nnen Ihren Browser so einstellen, dass Sie \u00fcber das Setzen von Cookies informiert werden und Cookies nur im Einzelfall erlauben, die Annahme von Cookies f\u00fcr bestimmte F\u00e4lle oder generell ausschlie\u00dfen sowie das automatische L\u00f6schen der Cookies beim Schlie\u00dfen des Browser aktivieren. Bei der Deaktivierung von Cookies kann die Funktionalit\u00e4t dieser Website eingeschr\u00e4nkt sein.<\/p><\/div>\n<div class=\"fw-col-xs-12 fw-col-sm-6\">\n\t<p style=\"margin-top: 23px;\">Cookies, die zur Durchf\u00fchrung des elektronischen Kommunikationsvorgangs oder zur Bereitstellung bestimmter, von Ihnen erw\u00fcnschter Funktionen (z.B. Warenkorbfunktion) erforderlich sind, werden auf Grundlage von Art. 6 Abs. 1 lit. f DSGVO gespeichert. Der Websitebetreiber hat ein berechtigtes Interesse an der Speicherung von Cookies zur technisch fehlerfreien und optimierten Bereitstellung seiner Dienste. Soweit andere Cookies (z.B. Cookies zur Analyse Ihres Surfverhaltens) gespeichert werden, werden diese in dieser Datenschutzerkl\u00e4rung gesondert behandelt.<\/p><h2>Server-Log-Dateien<\/h2><p>Der Provider der Seiten erhebt und speichert automatisch Informationen in so genannten Server-Log-Dateien, die Ihr Browser automatisch an uns \u00fcbermittelt. Dies sind:<\/p><p><strong>- Browsertyp und Browserversion<\/strong><\/p><p><strong>- verwendetes Betriebssystem<\/strong><\/p><p><strong>- Referrer URL<\/strong><\/p><p><strong>- Hostname des zugreifenden Rechners - Uhrzeit der Serveranfrage<\/strong><\/p><p><strong>- IP-Adresse<\/strong><\/p><p>Eine Zusammenf\u00fchrung dieser Daten mit anderen Datenquellen wird nicht vorgenommen.<\/p><p>Grundlage f\u00fcr die Datenverarbeitung ist Art. 6 Abs. 1 lit. f DSGVO, der die Verarbeitung von Daten zur Erf\u00fcllung eines Vertrags oder vorvertraglicher Ma\u00dfnahmen gestattet.<\/p><h1>4. Analyse Tools und Werbung<\/h1><h2>Google Analytics<\/h2><p>Diese Website nutzt Funktionen des Webanalysedienstes Google Analytics. Anbieter ist die Google Inc., 1600 Amphitheatre Parkway, Mountain View, CA 94043, USA.<\/p><p>Google Analytics verwendet so genannte \u201eCookies\u201c. Das sind Textdateien, die auf Ihrem Computer gespeichert werden und die eine Analyse der Benutzung der Website durch Sie erm\u00f6glichen. Die durch den Cookie erzeugten Informationen \u00fcber Ihre Benutzung dieser Website werden in der Regel an einen Server von Google in den USA \u00fcbertragen und dort gespeichert.<\/p><p>Die Speicherung von Google-Analytics-Cookies erfolgt auf Grundlage von Art. 6 Abs. 1 lit. f DSGVO. Der Websitebetreiber hat ein berechtigtes Interesse an der Analyse des Nutzerverhaltens, um sowohl sein Webangebot als auch seine Werbung zu optimieren.<\/p><h2>IP Anonymisierung<\/h2><p>Wir haben auf dieser Website die Funktion IP-Anonymisierung aktiviert. Dadurch wird Ihre IP-Adresse von Google innerhalb von Mitgliedstaaten der Europ\u00e4ischen Union oder in anderen Vertragsstaaten des Abkommens \u00fcber den Europ\u00e4ischen Wirtschaftsraum vor der \u00dcbermittlung in die USA gek\u00fcrzt. Nur in Ausnahmef\u00e4llen wird die volle IP-Adresse an einen Server von Google in den USA \u00fcbertragen und dort gek\u00fcrzt. Im Auftrag des Betreibers dieser Website wird Google diese Informationen benutzen, um Ihre Nutzung der Website auszuwerten, um Reports \u00fcber die Websiteaktivit\u00e4ten zusammenzustellen und um weitere mit der Websitenutzung und der Internetnutzung verbundene Dienstleistungen gegen\u00fcber dem Websitebetreiber zu erbringen. Die im Rahmen von Google Analytics von Ihrem Browser \u00fcbermittelte IP-Adresse wird nicht mit anderen Daten von Google zusammengef\u00fchrt.<\/p><h2>Browser Plugin<\/h2><p>Sie k\u00f6nnen die Speicherung der Cookies durch eine entsprechende Einstellung Ihrer Browser-Software verhindern; wir weisen Sie jedoch darauf hin, dass Sie in diesem Fall gegebenenfalls nicht s\u00e4mtliche Funktionen dieser Website vollumf\u00e4nglich werden nutzen k\u00f6nnen. Sie k\u00f6nnen dar\u00fcber hinaus die Erfassung der durch den Cookie erzeugten und auf Ihre Nutzung der Website bezogenen Daten (inkl. Ihrer IP-Adresse) an Google sowie die Verarbeitung dieser Daten durch Google verhindern, indem Sie das unter dem folgenden Link verf\u00fcgbare Browser-Plugin herunterladen und installieren: <a href=\"https:\/\/tools.google.com\/dlpage\/gaoptout?hl=de\" target=\"_blank\" rel=\"noopener\">https:\/\/tools.google.com\/ dlpage\/ gaoptout?hl=de<\/a><\/p><h2>Widerspruch gegen Datenerfassung<\/h2><p>Sie k\u00f6nnen die Erfassung Ihrer Daten durch Google Analytics verhindern, indem Sie auf folgenden Link klicken. Es wird ein Opt-Out-Cookie gesetzt, der die Erfassung Ihrer Daten bei zuk\u00fcnftigen Besuchen dieser Website verhindert: Google Analytics deaktivieren.<\/p><p>Mehr Informationen zum Umgang mit Nutzerdaten bei Google Analytics finden Sie in der Datenschutzerkl\u00e4rung von Google: <a href=\"https:\/\/support.google.com\/analytics\/answer\/6004245?hl=de\" target=\"_blank\" rel=\"noopener\">https:\/\/ support.google.com\/ analytics\/ answer\/ 6004245?hl=de<\/a><\/p><h2>Auftragsdatenverarbeitung<\/h2><p>Wir haben mit Google einen Vertrag zur Auftragsdatenverarbeitung abgeschlossen und setzen die strengen Vorgaben der deutschen Datenschutzbeh\u00f6rden bei der Nutzung von Google Analytics vollst\u00e4ndig um.<\/p><p>Demografische Merkmale bei Google Analytics<\/p><p>Diese Website nutzt die Funktion \u201cdemografische Merkmale\u201d von Google Analytics. Dadurch k\u00f6nnen Berichte erstellt werden, die Aussagen zu Alter, Geschlecht und Interessen der Seitenbesucher enthalten. Diese Daten stammen aus interessenbezogener Werbung von Google sowie aus Besucherdaten von Drittanbietern. Diese Daten k\u00f6nnen keiner bestimmten Person zugeordnet werden. Sie k\u00f6nnen diese Funktion jederzeit \u00fcber die Anzeigeneinstellungen in Ihrem Google-Konto deaktivieren oder die Erfassung Ihrer Daten durch Google Analytics wie im Punkt \u201cWiderspruch gegen Datenerfassung\u201d dargestellt generell untersagen.<\/p><h1>5. Plugins und Tools<\/h1><h2>YouTube<\/h2><p>Unsere Website nutzt Plugins der von Google betriebenen Seite YouTube. Betreiber der Seiten ist die YouTube, LLC, 901 Cherry Ave., San Bruno, CA 94066, USA.<\/p><p>Wenn Sie eine unserer mit einem YouTube-Plugin ausgestatteten Seiten besuchen, wird eine Verbindung zu den Servern von YouTube hergestellt. Dabei wird dem YouTube- Server mitgeteilt, welche unserer Seiten Sie besucht haben.<\/p><p>Wenn Sie in Ihrem YouTube-Account eingeloggt sind, erm\u00f6glichen Sie YouTube, Ihr Surfverhalten direkt Ihrem pers\u00f6nlichen Profil zuzuordnen. Dies k\u00f6nnen Sie verhindern, indem Sie sich aus Ihrem YouTube-Account ausloggen.<\/p><p>Die Nutzung von YouTube erfolgt im Interesse einer ansprechenden Darstellung unserer Online-Angebote. Dies stellt ein berechtigtes Interesse im Sinne von Art. 6 Abs. 1 lit. f DSGVO dar.<\/p><p>Weitere Informationen zum Umgang mit Nutzerdaten finden Sie in der Datenschutzerkl\u00e4rung von YouTube unter: <a href=\"https:\/\/www.google.de\/intl\/de\/policies\/privacy\" target=\"_blank\" rel=\"noopener\">https:\/\/www.google.de\/ intl\/ de\/ policies\/ privacy<\/a><\/p><h2>Google Web Fonts<\/h2><p>Diese Seite nutzt zur einheitlichen Darstellung von Schriftarten so genannte Web Fonts, die von Google bereitgestellt werden. Beim Aufruf einer Seite l\u00e4dt Ihr Browser die ben\u00f6tigten Web Fonts in ihren Browsercache, um Texte und Schriftarten korrekt anzuzeigen.<\/p><p>Zu diesem Zweck muss der von Ihnen verwendete Browser Verbindung zu den Servern von Google aufnehmen. Hierdurch erlangt Google Kenntnis dar\u00fcber, dass \u00fcber Ihre IP-Adresse unsere Website aufgerufen wurde. Die Nutzung von Google Web Fonts erfolgt im Interesse einer einheitlichen und ansprechenden Darstellung unserer Online-Angebote. Dies stellt ein berechtigtes Interesse im Sinne von Art. 6 Abs. 1 lit. f DSGVO dar.<\/p><p>Wenn Ihr Browser Web Fonts nicht unterst\u00fctzt, wird eine Standardschrift von Ihrem Computer genutzt.<\/p><p>Weitere Informationen zu Google Web Fonts finden Sie<br \/>unter <a href=\"https:\/\/developers.google.com\/fonts\/faq\" target=\"_blank\" rel=\"noopener\">https:\/\/developers.google.com\/ fonts\/ faq<\/a> und in der Datenschutzerkl\u00e4rung von Google: <a href=\"https:\/\/www.google.com\/policies\/privacy\/\" target=\"_blank\" rel=\"noopener\">https:\/\/www.google.com\/ policies\/ privacy\/<\/a><\/p><h2>Google Maps<\/h2><p>Diese Seite nutzt \u00fcber eine API den Kartendienst Google Maps. Anbieter ist die Google Inc., 1600 Amphitheatre Parkway, Mountain View, CA 94043, USA.<\/p><p>Zur Nutzung der Funktionen von Google Maps ist es notwendig, Ihre IP Adresse zu speichern. Diese Informationen werden in der Regel an einen Server von Google in den USA \u00fcbertragen und dort gespeichert. Der Anbieter dieser Seite hat keinen Einfluss auf diese Daten\u00fcbertragung.<\/p><p>Die Nutzung von Google Maps erfolgt im Interesse einer ansprechenden Darstellung unserer Online-Angebote und an einer leichten Auffindbarkeit der von uns auf der Website angegebenen Orte. Dies stellt ein berechtigtes Interesse im Sinne von Art. 6 Abs. 1 lit. f DSGVO dar.<\/p><p>Mehr Informationen zum Umgang mit Nutzerdaten finden Sie in der Datenschutzerkl\u00e4rung von Google: <a href=\"https:\/\/www.google.de\/intl\/de\/policies\/privacy\/\" target=\"_blank\" rel=\"noopener\">https:\/\/www.google.de\/ intl\/ de\/ policies\/ privacy\/<\/a><\/p><\/div>\n<\/div>\n\n<div class=\"fw-row\">\n\t<div class=\"fw-col-xs-12\">\n\t\n\t<div class=\"fw-divider-space\" style=\"padding-top: 150px;\"><\/div>\n<\/div>\n<\/div>\n\n<div class=\"fw-row\">\n\t<div class=\"fw-col-xs-12\">\n\t<h1 class=\"impressum-header\">Bildnachweise<\/h1><\/div>\n<\/div>\n\n<div class=\"fw-row\">\n\t<div class=\"fw-col-xs-12\">\n\t<div class=\"impressum-xml\"><table align=\"center\" width=\"100%\" height=\"auto\" cellpadding=\"5\" cellspasing=\"0\"><tr><td width=\"60%\" style=\"color: #fff; font-size: 12px; font-weight: 700; border-bottom: 1px solid #ffffff;\">Beschreibung<\/td><td width=\"20%\" style=\"color: #fff; font-size: 12px; font-weight: 700; border-bottom: 1px solid #ffffff;\">Fotografen\/Datenbanken<\/td><td width=\"20%\" style=\"color: #fff; font-size: 12px; font-weight: 700; border-bottom: 1px solid #ffffff;\">Urheber<\/td><\/tr><tr><td width=\"60%\" style=\"color: #B72722; font-size: 12px; font-weight: 700;\">Startseite<\/td><td width=\"20%\"><\/td><td width=\"20%\"><\/td><\/tr><tr><td width=\"60%\">Werkkontor Logo auf Wand<br \/>Krone auf Tisch, Mann im Hintergrund<br \/>Stahlschrank mit Magneten<br \/>Frau schaut mit aufgerissenen Augen in die Kamera<br \/>Alte Aufnahme einer Gruppe Bergbausch\u00fcler<br \/>Mann h\u00e4lt sich Bierkrug an den Mund und hebt den Daumen<br \/>Santa mit Pistole, Sonnebrille und Kette um den Hals<br \/>Gruppe mit Business-People<br \/>Ausschreitungen in einem Fu\u00dfballstadion<br \/>Gruppe von gl\u00fccklichen Menschen sitzt auf einem gro\u00dfen Banner<br \/>Sammlung von verschiedenen Menschen<br \/>Vektorstock Amor-Silhouette mit Tattoos<br \/>Illustriertes Herz mit Fl\u00fcgeln<br \/>Stinktier<br \/>Transvestit im goldenen Kleid h\u00e4lt Weltkugel hoch<br \/>Montage von Magneten<\/td><td width=\"20%\">Designb\u00fcro Zabel<br \/>Designb\u00fcro Zabel<br \/>Designb\u00fcro Zabel<br \/>Photocase<br \/>Deutsches Bergbau Museum<br \/>Adobe Stock<br \/>iStock<br \/>Fotostudio Christoph Fein<br \/>Project Bio-V GmbH<br \/>iStock<br \/>iStock<br \/>Depostiphotos<br \/>Depostiphotos<br \/>Adobe Stock<br \/>Ines Walter, Fotografie<br \/>Fotostudio Christoph Fein<\/td><td width=\"20%\">Andreas Nefferdorf<br \/>Susanne Zabel<br \/>Susanne Zabel<br \/>hui-buh<br \/>-<br \/>Robert Przybysz<br \/>Lorado<br \/>Christoph Fein<br \/>-<br \/>Loco75<br \/>Yuri_Arcurs<br \/>Vecster<br \/>Seamartini<br \/>Eric Issele\u00e9e<br \/>Ines Walter<br \/>Christoph Fein<\/td><\/tr><\/table><table align=\"center\" width=\"100%\" height=\"auto\" cellpadding=\"5\" cellspasing=\"0\"><tr><td width=\"60%\" style=\"color: #B72722; font-size: 12px; font-weight: 700;\">Agentur<\/td><td width=\"20%\"><\/td><td width=\"20%\"><\/td><\/tr><tr><td width=\"60%\">Betonwand mit der Aufschrift \u201eSuper Team\u201c + Mitarbeiter-Fotos<\/td><td width=\"20%\">Designb\u00fcro Zabel<\/td><td width=\"20%\">Susanne Zabel<\/td><\/tr><\/table><table align=\"center\" width=\"100%\" height=\"auto\" cellpadding=\"5\" cellspasing=\"0\"><tr><td width=\"60%\" style=\"color: #B72722; font-size: 12px; font-weight: 700;\">Kunden<\/td><td width=\"20%\"><\/td><td width=\"20%\"><\/td><\/tr><tr><td width=\"60%\">Muster- und Belegaufnahmen<\/td><td width=\"20%\">Designb\u00fcro Zabel<\/td><td width=\"20%\">Paul H\u00fcnem\u00f6rder<\/td><\/tr><\/table><table align=\"center\" width=\"100%\" height=\"auto\" cellpadding=\"5\" cellspasing=\"0\"><tr><td width=\"60%\" style=\"color: #B72722; font-size: 12px; font-weight: 700;\">Mineralwasser vs. Trinkwasser<\/td><td width=\"20%\"><\/td><td width=\"20%\"><\/td><\/tr><tr><td width=\"60%\">Sparkling water pouring from blue bottle<br \/>Wasserhahn<br \/>H\u00fcbsche Frau wiegt im Winter ein heisses Getr\u00e4nk<br \/>Blondes M\u00e4dchen trinkt Bier auf einer Terrasse<br \/>Gl\u00fccklicher, sch\u00f6ner Teenager mit einem Milchshake<br \/>Teenager im gr\u00fcnen Trikot mit Basketball und Daumen nach oben<br \/>Senior grauhaarige Frau in l\u00e4ssigem Winterpullover<br \/>Junger Mann h\u00e4lt Dinofigur und Wasserflasche hoch<br \/>T\u00fcrsteher<br \/>Mann h\u00e4lt Wasserflasche und hat die Hand vor dem Gesicht<br \/>Junger Mann h\u00e4lt l\u00e4chelnd einen Wasserkasten<br \/>3D-Rendering S\u00e4belzahntiger auf wei\u00df<br \/>Frau denken und halten Sie gef\u00e4lschte Gehirn<br \/>River in the dark forest, Free Photo<br \/>Abfluss<br \/>Water splashing above white background<br \/>Young couple with a full shopping cart and a shopping basket<br \/>Pancakes<br \/>Sch\u00f6ne hispanische Mann trinken ein frisches Glas Wasser<br \/>Gerne sch\u00f6ne junge Frau mit Trinkwasser Glas in der Hand. Health care Konzept.<br \/>Zwei Kleinkinder<\/td><td width=\"20%\">Adobe Stock<br \/>Pixabay<br \/>Photocase<br \/>Photocase<br \/>Photocase<br \/>iStock<br \/>Depositphoto<br \/>Fotostudio Christoph Fein<br \/>iStock<br \/>Fotostudio Christoph Fein<br \/>Fotostudio Christoph Fein<br \/>iStock<br \/>iStock<br \/>Freepik<br \/>Pixabay<br \/>Adobe Stock<br \/>Adobe Stock<br \/>Pixabay<br \/>iStock<br \/>iStock<br \/>Pixabay<\/td><td width=\"20%\">Ivanna Buldakova<br \/>Skitterphoto<br \/>lz@larszahner.com<br \/>Addictive Stock<br \/>nanihta<br \/>Ljupco<br \/>Krakenimages.com<br \/>Christoph Fein<br \/>4x6<br \/>Christoph Fein<br \/>Christoph Fein<br \/>Vac1<br \/>Voyagerix<br \/>photoangel<br \/>LV11<br \/>Alexstar<br \/>Ljupco Smokovski<br \/>RitaE<br \/>AaronAmat<br \/>spukkato<br \/>ID 460273<\/td><\/tr><\/table><table align=\"center\" width=\"100%\" height=\"auto\" cellpadding=\"5\" cellspasing=\"0\"><tr><td width=\"60%\" style=\"color: #B72722; font-size: 12px; font-weight: 700;\">Trink & Spare Handzettel Relaunch 2018<\/td><td width=\"20%\"><\/td><td width=\"20%\"><\/td><\/tr><tr><td width=\"60%\">Frau schaut mit aufgerissenen Augen in die Kamera<br \/>                      P\u00e4rchen feiert das neue Jahr<\/td><td width=\"20%\">Photocase<br \/>                    Photocase<\/td><td width=\"20%\">hui-buh<br \/>                    Mr. Blank<\/td><\/tr><\/table><table align=\"center\" width=\"100%\" height=\"auto\" cellpadding=\"5\" cellspasing=\"0\"><tr><td width=\"60%\" style=\"color: #B72722; font-size: 12px; font-weight: 700;\">Trink & Spare Image-Anzeigen Tipps & Tricks<\/td><td width=\"20%\"><\/td><td width=\"20%\"><\/td><\/tr><tr><td width=\"60%\">Flaschen mit kunstvoll gestalteten Gru\u00dfkarten<br \/>Erste-Hilfe-Karte<br \/>Bier in Tonk\u00fcbeln<br \/>Bier in Flasche mit Label<br \/>Flasche in weihnachtlicher Verpackung<br \/>Getrocknetes Gem\u00fcse mit einem Glas Wein<br \/>Frisches Wasser mit Fr\u00fcchten<br \/>Flaschen mit Tierfiguren als Verschluss<\/td><td width=\"20%\">Hettmann Fotografie und Film<br \/>Hettmann Fotografie und Film<br \/>Fotostudio Christoph Fein<br \/>Hettmann Fotografie und Film<br \/>Hettmann Fotografie und Film<br \/>Hettmann Fotografie und Film<br \/>Fotostudio Christoph Fein<br \/>Hettmann Fotografie und Film<\/td><td width=\"20%\">J\u00f6rk Hettmann<br \/>J\u00f6rk Hettmann<br \/>Christoph Fein<br \/>J\u00f6rk Hettmann<br \/>J\u00f6rk Hettmann<br \/>J\u00f6rk Hettmann<br \/>Christoph Fein<br \/>J\u00f6rk Hettmann<\/td><\/tr><\/table><table align=\"center\" width=\"100%\" height=\"auto\" cellpadding=\"5\" cellspasing=\"0\"><tr><td width=\"60%\" style=\"color: #B72722; font-size: 12px; font-weight: 700;\">Trink & Spare Mitzarbeiter\/Service<\/td><td width=\"20%\"><\/td><td width=\"20%\"><\/td><\/tr><tr><td width=\"60%\">Illustration, Frau fl\u00fcstert in das Ohr einer anderen Frau<\/td><td width=\"20%\">Adobe Stock<\/td><td width=\"20%\">Roman<\/td><\/tr><\/table><table align=\"center\" width=\"100%\" height=\"auto\" cellpadding=\"5\" cellspasing=\"0\"><tr><td width=\"60%\" style=\"color: #B72722; font-size: 12px; font-weight: 700;\">TH Georg Agricola | Ausstellung 1816-2016 Festakt 200 Jahre<\/td><td width=\"20%\"><\/td><td width=\"20%\"><\/td><\/tr><tr><td width=\"60%\">Bildmaterial freundlicherweise zur Verf\u00fcgung gestellt von der TH Georg Argricola und vom Bergbau Museum Bochum<\/td><td width=\"20%\">TFH Agricola, Deutsches Bergbau Museum Bochum<\/td><td width=\"20%\">-<\/td><\/tr><tr><td width=\"60%\">Raumaufnahmen der Ausstellung<\/td><td width=\"20%\">Fotostudio Christoph Fein<\/td><td width=\"20%\">Christoph Fein<\/td><\/tr><\/table><table align=\"center\" width=\"100%\" height=\"auto\" cellpadding=\"5\" cellspasing=\"0\"><tr><td width=\"60%\" style=\"color: #B72722; font-size: 12px; font-weight: 700;\">Aral und Petit Bistro | Kampagnen und mehr<\/td><td width=\"20%\"><\/td><td width=\"20%\"><\/td><\/tr><tr><td width=\"60%\">Eingansbereich Aral-Tankstelle mit Aral- und Petit Bistro Logo<br \/>                      Innenraumaufnahme von Petit Bistro<br \/>                      Getr\u00e4nke und Baguettes<br \/>                      Schoko-Croissants<br \/>                      Mehrkornbr\u00f6tchen<br \/>                      Gem\u00fce wird \u00fcber offener Flamme am Herd geschwenkt<\/td><td width=\"20%\">Aral AG<br \/>                    Aral AG<br \/>                    Fotostudio Christoph Fein<br \/>                    Fotostudio Christoph Fein<br \/>                    Fotostudio Christoph Fein<br \/>                    Fotostudio Christoph Fein<\/td><td width=\"20%\">-<br \/>                    -<br \/>                    Christoph Fein<br \/>                    Christoph Fein<br \/>                    Christoph Fein<br \/>                    Christoph Fein<\/td><\/tr><\/table><table align=\"center\" width=\"100%\" height=\"auto\" cellpadding=\"5\" cellspasing=\"0\"><tr><td width=\"60%\" style=\"color: #B72722; font-size: 12px; font-weight: 700;\">Trink & Spare Bier-Adventskalender<\/td><td width=\"20%\"><\/td><td width=\"20%\"><\/td><\/tr><tr><td width=\"60%\">Santa mit Pistole, Sonnebrille und Kette um den Hals<br \/>                      Hirsch mit Nikolausm\u00fctze im Schnee<br \/>                      Weihnachtsmann sitzt im Dunkeln<br \/>                      Rentier im Vordergrund und Santa im Hintergrund<br \/>                      Grimmiger Weihnachtsmann zeigt mit Finger auf den Betrachter<br \/>                      T\u00e4ttowierter Santa sagt Ho Ho Ho in die Kamera<br \/>                      Weihnachtsmann h\u00e4lt beide F\u00e4uste in die Kamera<br \/>                      stylischer dicker Mann posiert in moderner Kleidung<br \/>                      Weihnachtsmann sitzt am Tisch mit einem Glas Milch<br \/>                      Santa steht auf einem Berg mit einem Licht in der Hand<br \/>                      Weihnachtsmann mit Sonnenbrille vor roten Hintergrund zeigt auf Betrachter<br \/>                      Weihnachtsmann steht im T\u00fcrrahmen und schiebt seine Brille hoch<br \/>                      Vektor Santa h\u00e4lt Bierkrug in die Luft<br \/>                      b\u00e4rtiger Mann mit Weihnachtsm\u00fctze<\/td><td width=\"20%\">iStock<br \/>                    Adobe Stock<br \/>                    Adobe Stock<br \/>                    Shutterstock<br \/>                    Depositphoto<br \/>                    Getty Images<br \/>                    Adobe Stock<br \/>                    Depositphoto<br \/>                    Adobe Stock<br \/>                    Getty Images<br \/>                    Adobe Stock<br \/>                    Adobe Stock<br \/>                    Adobe Stock<br \/>                    Depositphoto<\/td><td width=\"20%\">Lorado<br \/>                    Biewer_J\u00fcrgen<br \/>                    Renee Heetfeld<br \/>                    Altrendo Images<br \/>                    watman<br \/>                    Lorado<br \/>                    rangizzz<br \/>                    iakovenko123<br \/>                    Renee Heetfeld<br \/>                    Manu Prats\/EyeEm<br \/>                    deagreez<br \/>                    Renee Heetfeld<br \/>                    Rustic<br \/>                    fxquadro<\/td><\/tr><\/table><table align=\"center\" width=\"100%\" height=\"auto\" cellpadding=\"5\" cellspasing=\"0\"><tr><td width=\"60%\" style=\"color: #B72722; font-size: 12px; font-weight: 700;\">Trink & Spare Covid-Ma\u00dfnahmen und Hilfskampagnen<\/td><td width=\"20%\"><\/td><td width=\"20%\"><\/td><\/tr><tr><td width=\"60%\">Mann h\u00e4lt sich Bierkrug an den Mund und hebt den daumen<br \/>                      Mann schaut auf abgef\u00fcllte Bierflaschen auf einem Laufband<br \/>                      Mann schaut auf abgef\u00fcllte Bierflaschen auf einem Laufband<br \/>                      Mann riecht an Bier<br \/>                      Mann mit Maske und Rucksack - CoViD-19<\/td><td width=\"20%\">Adobe Stock<br \/>                    Adobe Stock<br \/>                    Adobe Stock<br \/>                    Adobe Stock<br \/>                    Fotostudio Christoph Fein<\/td><td width=\"20%\">Robert Przybysz<br \/>                    Jacob Lund<br \/>                    Jacob Lund<br \/>                    auremar<br \/>                    Christoph Fein<\/td><\/tr><\/table><table align=\"center\" width=\"100%\" height=\"auto\" cellpadding=\"5\" cellspasing=\"0\"><tr><td width=\"60%\" style=\"color: #B72722; font-size: 12px; font-weight: 700;\">Birkenheuer Steuerberater Relaunch<\/td><td width=\"20%\"><\/td><td width=\"20%\"><\/td><\/tr><tr><td width=\"60%\">Raum- und Personenaufnahmen<br \/>                      Muster- Und Belegaufnahmen<\/td><td width=\"20%\">Fotostudio Christoph Fein<br \/>                    Designb\u00fcro Zabel<\/td><td width=\"20%\">Christoph Fein<br \/>                    Paul H\u00fcnem\u00f6rder<\/td><\/tr><\/table><table align=\"center\" width=\"100%\" height=\"auto\" cellpadding=\"5\" cellspasing=\"0\"><tr><td width=\"60%\" style=\"color: #B72722; font-size: 12px; font-weight: 700;\">Project Bio-V<\/td><td width=\"20%\"><\/td><td width=\"20%\"><\/td><\/tr><tr><td width=\"60%\">Feuerwehrmann mit Feuerl\u00f6scher l\u00f6scht Leuchtfeuer<br \/>                      Produktfotos<br \/>                      Fans auf einem Fu\u00dfballfeld mit bengalischen Feuer<br \/>                      Koch<br \/>                      Mann in Tracht<br \/>                      F\u00f6rster<br \/>                      Securitymann<br \/>                      Feuerwehrmann<\/td><td width=\"20%\">Patrick Kaut, Essen<br \/>                    Project Bio-V<br \/>                    Project Bio-V<br \/>                    Adobe Stock<br \/>                    Adobe Stock<br \/>                    Patrick Kaut, Essen<br \/>                    Patrick Kaut, Essen<br \/>                    Fotostudio Christoph Fein<\/td><td width=\"20%\">Patrick Kaut<br \/>                    -<br \/>                    -<br \/>                    Kurhan<br \/>                    Peter Atkins<br \/>                    Patrick Kaut<br \/>                    Patrick Kaut<br \/>                    Christoph Fein<\/td><\/tr><\/table><table align=\"center\" width=\"100%\" height=\"auto\" cellpadding=\"5\" cellspasing=\"0\"><tr><td width=\"60%\" style=\"color: #B72722; font-size: 12px; font-weight: 700;\">ID55 F\u00fcr alle, die anders alt werden wollen<\/td><td width=\"20%\"><\/td><td width=\"20%\"><\/td><\/tr><tr><td width=\"60%\">Bilderrahmen Mock-up<br \/>                      Mann in brauner Kleidung poseirt auf einem Stuhl<br \/>                      Mann mit Glatze posiert auf einem Stuhl<br \/>                      Fr\u00f6hliche Frau lacht in die Kamera<br \/>                      Mann l\u00e4chelt mit verschr\u00e4nkten Armen in die Kamera<br \/>                      Mann mit freiem Oberk\u00f6rper lehnt auf einem Stuhl<br \/>                      Schwangere Frau in wei\u00dfer Kleidung h\u00e4lt ihren bauch<br \/>                      Frau im schwarzen Kleid stemmt lachen ihre H\u00e4nde in die H\u00fcfte<br \/>                      Fotos des Kongress der ID55<\/td><td width=\"20%\">Freepik<br \/>                    Foto Agentur Ruhr<br \/>                    Foto Agentur Ruhr<br \/>                    Foto Agentur Ruhr<br \/>                    Foto Agentur Ruhr<br \/>                    Foto Agentur Ruhr<br \/>                    Foto Agentur Ruhr<br \/>                    Foto Agentur Ruhr<br \/>                    Foto Agentur Ruhr<\/td><td width=\"20%\">thanyakij-12<br \/>                    Bettina Engel-Albustin<br \/>                    Bettina Engel-Albustin<br \/>                    Bettina Engel-Albustin<br \/>                    Bettina Engel-Albustin<br \/>                    Bettina Engel-Albustin<br \/>                    Bettina Engel-Albustin<br \/>                    Bettina Engel-Albustin<br \/>                    Bettina Engel-Albustin<\/td><\/tr><\/table><table align=\"center\" width=\"100%\" height=\"auto\" cellpadding=\"5\" cellspasing=\"0\"><tr><td width=\"60%\" style=\"color: #B72722; font-size: 12px; font-weight: 700;\">Mondpalast<\/td><td width=\"20%\"><\/td><td width=\"20%\"><\/td><\/tr><tr><td width=\"60%\">Schauspiel-Domina mit angebundenen Hunde-Sklave<br \/>                      Blonde Frau im blauer Kleidung h\u00e4lt einen Besen<br \/>                      Schalke-Fan der auf etwas zeigt<br \/>                      Schauspiel-Priester der nach oben schaut<br \/>                      Kommode mit Bildern und Interieur<br \/>                      Travestiek\u00fcnstler in roter Kleidung mit roter Schleife auf dem Kopf<\/td><td width=\"20%\">Foto Agentur Ruhr<br \/>                    Foto Agentur Ruhr<br \/>                    Foto Agentur Ruhr<br \/>                    Foto Agentur Ruhr<br \/>                    Designb\u00fcro Zabel<br \/>                    Foto Agentur Ruhr<\/td><td width=\"20%\">Bettina Engel-Albustin<br \/>                    Bettina Engel-Albustin<br \/>                    Bettina Engel-Albustin<br \/>                    Bettina Engel-Albustin<br \/>                    Susanne Zabel<br \/>                    Bettina Engel-Albustin<\/td><\/tr><\/table><table align=\"center\" width=\"100%\" height=\"auto\" cellpadding=\"5\" cellspasing=\"0\"><tr><td width=\"60%\" style=\"color: #B72722; font-size: 12px; font-weight: 700;\">Ruhrtourismus | Klartext Verlag<\/td><td width=\"20%\"><\/td><td width=\"20%\"><\/td><\/tr><tr><td width=\"60%\">Ordnerr\u00fccken mit Klartext Logo<br \/>                      Muster- und Belegaufnahme<br \/>                      Stapel B\u00fccher und aufgebkl\u00e4ttertes Buch<\/td><td width=\"20%\">Designb\u00fcro Zabel<br \/>                    Ruhrtourismus GmbH<br \/>                    Fotostudio Christoph Fein<\/td><td width=\"20%\">Susanne Zabel<br \/>                    -<br \/>                    Christoph Fein<\/td><\/tr><\/table><table align=\"center\" width=\"100%\" height=\"auto\" cellpadding=\"5\" cellspasing=\"0\"><tr><td width=\"60%\" style=\"color: #B72722; font-size: 12px; font-weight: 700;\">Bochumer Symphoniker | Deustches Bergbau Museum Bochunm<\/td><td width=\"20%\"><\/td><td width=\"20%\"><\/td><\/tr><tr><td width=\"60%\">Kiste mit der Aufschrift \"Bochumer Symphoniker\"<br \/>                      Eingang vom Deutschen Bergbau Museum Bochum<br \/>                      R\u00e4umlichkeiten der Ausstellung im Deutschen Bergbau Museum<br \/>                      Aufnahme einer Stra\u00dfenbahn<br \/>                      Bus im Profil<br \/>                      Plakate an Bushaltestellen<\/td><td width=\"20%\">Designb\u00fcro Zabel<br \/>                    Deutsches Bergbau Museum<br \/>                    Deutsches Bergbau Museum<br \/>                    Designb\u00fcro Zabel<br \/>                    Designb\u00fcro Zabel<br \/>                    Designb\u00fcro Zabel<\/td><td width=\"20%\">Susanne Zabel<br \/>                    -<br \/>                    -<br \/>                    Susanne Zabel<br \/>                    Susanne Zabel<br \/>                    Susanne Zabel<\/td><\/tr><\/table><table align=\"center\" width=\"100%\" height=\"auto\" cellpadding=\"5\" cellspasing=\"0\"><tr><td width=\"60%\" style=\"color: #B72722; font-size: 12px; font-weight: 700;\">Trink & Spare Non-Profit Spenden<\/td><td width=\"20%\"><\/td><td width=\"20%\"><\/td><\/tr><tr><td width=\"60%\">Zwei Kinder halten den Daumen hoch und Leergut<br \/>                      Scheck\u00fcbergabe Spenden<\/td><td width=\"20%\">Hettmann Fotografie und Film<br \/>                    Trink&Spare<\/td><td width=\"20%\">J\u00f6rk Hettmann<br \/>                    -<\/td><\/tr><\/table><table align=\"center\" width=\"100%\" height=\"auto\" cellpadding=\"5\" cellspasing=\"0\"><tr><td width=\"60%\" style=\"color: #B72722; font-size: 12px; font-weight: 700;\">Trink & Spare Bewusstes Leben und Mehrweg<\/td><td width=\"20%\"><\/td><td width=\"20%\"><\/td><\/tr><tr><td width=\"60%\">Gruppe von gl\u00fccklichen Menschen sitzt auf einem gro\u00dfen Banner<br \/>                      Sammlung von verschiedenen Menschen<br \/>                      Gruppe von Menschen vor roter Holzwand mit Handys in der Hand<br \/>                      Junge h\u00e4lt lachend beide Daumen in die Luft<\/td><td width=\"20%\">iStock<br \/>                    iStock<br \/>                    Adobe Stock<br \/>                    Adobe Stock<\/td><td width=\"20%\">Loco75<br \/>                    Yuri_Arcurs<br \/>                    Mirko Vitali<br \/>                    kreativloft<\/td><\/tr><\/table><table align=\"center\" width=\"100%\" height=\"auto\" cellpadding=\"5\" cellspasing=\"0\"><tr><td width=\"60%\" style=\"color: #B72722; font-size: 12px; font-weight: 700;\">Trink & Spare Non-Profit Upcycling<\/td><td width=\"20%\"><\/td><td width=\"20%\"><\/td><\/tr><tr><td width=\"60%\">Set of white, rose, and red wine bottles<br \/>                      Three types of aluminum cans<br \/>                      Wasserflasche<br \/>                      bottle of beer isolated on white background<br \/>                      Wine corks<br \/>                      Ring-pull<br \/>                      Golden blank bottle cap<br \/>                      Herz aus Korken<br \/>                      Ohrring aus einer Dosenlasche DIY<br \/>                      Selbstbew\u00e4sserneder Pflanzentopf aus Plastikflasche<br \/>                      Kronkorken als Bilderrahmen<br \/>                      Blume aus Kronkorken<br \/>                      Bastelbiene aus Konservendose<br \/>                      Planzenetiketten aus Korken<br \/>                      Getr\u00e4nkedosen als Vase<br \/>                      Korken mit Magneten als Blumentopf<br \/>                      Plastikflaschenverschluss als Beutelverschluss<br \/>                      Weinflasche als \u00d6llampe<br \/>                      Glasflaschenboden als Eierbecher<br \/>                      Fotos Hinter den Kulissen<br \/>                      Sparschwein aus Plastikflasche<\/td><td width=\"20%\">Adobe Stock<br \/>                    Adobe Stock<br \/>                    Adobe Stock<br \/>                    Adobe Stock<br \/>                    Adobe Stock<br \/>                    Adobe Stock<br \/>                    Adobe Stock<br \/>                    Hettmann Fotografie und Film<br \/>                    Hettmann Fotografie und Film<br \/>                    Hettmann Fotografie und Film<br \/>                    Hettmann Fotografie und Film<br \/>                    Hettmann Fotografie und Film<br \/>                    Hettmann Fotografie und Film<br \/>                    Hettmann Fotografie und Film<br \/>                    Hettmann Fotografie und Film<br \/>                    Hettmann Fotografie und Film<br \/>                    Hettmann Fotografie und Film<br \/>                    Hettmann Fotografie und Film<br \/>                    Hettmann Fotografie und Film<br \/>                    Designb\u00fcro Zabel<br \/>                    Hettmann Fotografie und Film<\/td><td width=\"20%\">AlenKdr<br \/>                    PixlMakr<br \/>                    rdnzl<br \/>                    Pineapple studio<br \/>                    goir<br \/>                    Vlad Ivantcov<br \/>                    Coprid<br \/>                    J\u00f6rk Hettmann<br \/>                    J\u00f6rk Hettmann<br \/>                    J\u00f6rk Hettmann<br \/>                    J\u00f6rk Hettmann<br \/>                    J\u00f6rk Hettmann<br \/>                    J\u00f6rk Hettmann<br \/>                    J\u00f6rk Hettmann<br \/>                    J\u00f6rk Hettmann<br \/>                    J\u00f6rk Hettmann<br \/>                    J\u00f6rk Hettmann<br \/>                    J\u00f6rk Hettmann<br \/>                    J\u00f6rk Hettmann<br \/>                    Susanne Zabel<br \/>                    J\u00f6rk Hettmann<\/td><\/tr><\/table><table align=\"center\" width=\"100%\" height=\"auto\" cellpadding=\"5\" cellspasing=\"0\"><tr><td width=\"60%\" style=\"color: #B72722; font-size: 12px; font-weight: 700;\">Trink & Spare Trends & Saisonales<\/td><td width=\"20%\"><\/td><td width=\"20%\"><\/td><\/tr><tr><td width=\"60%\">H\u00fchnerk\u00fcken in der Reihe<br \/>                      Braunes Zwergkaninchen<br \/>                      Goldene\/Silberne quadratische Deko Elemente<br \/>                      Runder goldenere dekorativer Pinselstrich<br \/>                      Goldene\/Solberne Dekofl\u00e4chen<br \/>                      Blattgoldfl\u00e4che<br \/>                      Goldene gepinselte Striche<br \/>                      Vektorstock Amor-Silhouette mit Tattoos<br \/>                      Illustriertes Herz mit Fl\u00fcgeln<\/td><td width=\"20%\">Adobe Stock<br \/>                    Adobe Stock<br \/>                    Adobe Stock<br \/>                    Adobe Stock<br \/>                    Adobe Stock<br \/>                    Adobe Stock<br \/>                    Adobe Stock<br \/>                    Depostiphotos<br \/>                    Depostiphotos<\/td><td width=\"20%\">grafikplusfoto<br \/>                    DoraZett<br \/>                    sdmix<br \/>                    sdmix<br \/>                    sdmix<br \/>                    LeitnerR<br \/>                    Olga<br \/>                    Vecster<br \/>                    Seamartini<\/td><\/tr><\/table><table align=\"center\" width=\"100%\" height=\"auto\" cellpadding=\"5\" cellspasing=\"0\"><tr><td width=\"60%\" style=\"color: #B72722; font-size: 12px; font-weight: 700;\">Zahnklinik im R\u00fc-Karree Relaunch<\/td><td width=\"20%\"><\/td><td width=\"20%\"><\/td><\/tr><tr><td width=\"60%\">Gruppe Zahn\u00e4rzte schauen in die Kamera<br \/>                      Zwei lachende M\u00e4nner im Huckepack<br \/>                      Stinktier<br \/>                      Maske von Darth Vader<br \/>                      Arzt zeigt Patienten eine R\u00f6ntgenaufnahme<br \/>                      Zahnarzthelferin zeigt einem Kind wie man Z\u00e4hne putzt<\/td><td width=\"20%\">Foto Agentur Ruhr<br \/>                    Foto Agentur Ruhr<br \/>                    Adobe Stock<br \/>                    Foto Agentur Ruhr<br \/>                    Foto Agentur Ruhr<br \/>                    Foto Agentur Ruhr<\/td><td width=\"20%\">Bettina Engel-Albustin<br \/>                    Bettina Engel-Albustin<br \/>                    Eric Issele\u00e9e<br \/>                    Bettina Engel-Albustin<br \/>                    Bettina Engel-Albustin<br \/>                    Bettina Engel-Albusti<\/td><\/tr><\/table><table align=\"center\" width=\"100%\" height=\"auto\" cellpadding=\"5\" cellspasing=\"0\"><tr><td width=\"60%\" style=\"color: #B72722; font-size: 12px; font-weight: 700;\">Revue Palast Ruhr Markenbildung<\/td><td width=\"20%\"><\/td><td width=\"20%\"><\/td><\/tr><tr><td width=\"60%\">Travestie: Gruppe auf der B\u00fchne<br \/>                      Travestie: K\u00fcnstler im wei\u00dfen Kleid<br \/>                      Drei Travestie-K\u00fcnstler sitzen auf einer Treppe<\/td><td width=\"20%\">Foto Agentur Ruhr<br \/>                    Fotostudio Christoph Fein<br \/>                    Designb\u00fcro Zabel<\/td><td width=\"20%\">Bettina Engel-Albustin<br \/>                    Christoph Fein<br \/>                    Susanne Zabel<\/td><\/tr><\/table><table align=\"center\" width=\"100%\" height=\"auto\" cellpadding=\"5\" cellspasing=\"0\"><tr><td width=\"60%\" style=\"color: #B72722; font-size: 12px; font-weight: 700;\">Pilken Consulting Neuausstattung<\/td><td width=\"20%\"><\/td><td width=\"20%\"><\/td><\/tr><tr><td width=\"60%\">T\u00f6pfe in einer Gro\u00dfk\u00fcche, gr\u00fcn eingef\u00e4rbt<br \/>                      Gedeckter Tisch mit Speisen<br \/>                      Mann lacht, SW<br \/>                      Tisch belegt mit Papierbl\u00e4ttern<br \/>                      Tellerstapel<br \/>                      Gruppe von Servicekr\u00e4ften in wei\u00dfen Hemden<br \/>                      Frau telefoniert, SW<br \/>                      Eine Hand sch\u00e4lt Gem\u00fcse<br \/>                      Muster- und Belegaufnahmen<br \/>                      Promo-Video H\u00e4ppchen Art<br \/>                      Gruppe von Personen wird am Speisetisch<br \/>                      Kunstgalerie mit Speiseraum<br \/>                      Kunstvoll verziertes Gericht auf wei\u00dfem Teller<br \/>                      Kleine H\u00e4ppchen am B\u00fcffet<\/td><td width=\"20%\">Designb\u00fcro Zabel<br \/>                    FilmArt Medienproduktion<br \/>                    Pilken Consulting<br \/>                    Pilken Consulting<br \/>                    Designb\u00fcro Zabel<br \/>                    Pilken Consulting<br \/>                    Pilken Consulting<br \/>                    Pilken Consulting<br \/>                    Designb\u00fcro Zabel<br \/>                    FilmArt Medienproduktion<br \/>                    FilmArt Medienproduktion<br \/>                    FilmArt Medienproduktion<br \/>                    FilmArt Medienproduktion<br \/>                    FilmArt Medienproduktion<\/td><td width=\"20%\">Susanne Zabel<br \/>                    Niklas Bott<br \/>                    -<br \/>                    -<br \/>                    Susanne Zabel<br \/>                    -<br \/>                    -<br \/>                    -<br \/>                    Paul H\u00fcnem\u00f6rder<br \/>                    Niklas Bott<br \/>                    Niklas Bott<br \/>                    Niklas Bott<br \/>                    Niklas Bott<br \/>                    Niklas Bott<\/td><\/tr><\/table><table align=\"center\" width=\"100%\" height=\"auto\" cellpadding=\"5\" cellspasing=\"0\"><tr><td width=\"60%\" style=\"color: #B72722; font-size: 12px; font-weight: 700;\">Werk & Zeug Pott-Produkte<\/td><td width=\"20%\"><\/td><td width=\"20%\"><\/td><\/tr><tr><td width=\"60%\">S\u00e4mtliche Fotos auf dieser Unterseite<\/td><td width=\"20%\">Fotostudio Christoph Fein<\/td><td width=\"20%\">Christoph Fein<\/td><\/tr><\/table><table align=\"center\" width=\"100%\" height=\"auto\" cellpadding=\"5\" cellspasing=\"0\"><tr><td width=\"60%\" style=\"color: #B72722; font-size: 12px; font-weight: 700;\">Movie Park Kampagnen<\/td><td width=\"20%\"><\/td><td width=\"20%\"><\/td><\/tr><tr><td width=\"60%\">Bildmaterial wurde vom Movie Park Germany zur Verf\u00fcgung gestellt<\/td><td width=\"20%\">Movie Park Germany<\/td><td width=\"20%\">-<\/td><\/tr><\/table><table align=\"center\" width=\"100%\" height=\"auto\" cellpadding=\"5\" cellspasing=\"0\"><tr><td width=\"60%\" style=\"color: #B72722; font-size: 12px; font-weight: 700;\">Recruiting<\/td><td width=\"20%\"><\/td><td width=\"20%\"><\/td><\/tr><tr><td width=\"60%\">Mehrere Personen stehen vor einem Fenster und schauen runter in die Kamera<\/td><td width=\"20%\">Photocase<\/td><td width=\"20%\">kallejipp<\/td><\/tr><\/table><table align=\"center\" width=\"100%\" height=\"auto\" cellpadding=\"5\" cellspasing=\"0\"><tr><td width=\"60%\" style=\"color: #B72722; font-size: 12px; font-weight: 700;\">Fehler 404<\/td><td width=\"20%\"><\/td><td width=\"20%\"><\/td><\/tr><tr><td width=\"60%\">Mann h\u00e4lt beide Daumen nach unten<\/td><td width=\"20%\">Fotostudio Christoph Fein<\/td><td width=\"20%\">Christoph Fein<\/td><\/tr><\/table><table align=\"center\" width=\"100%\" height=\"auto\" cellpadding=\"5\" cellspasing=\"0\"><tr><td width=\"60%\" style=\"color: #B72722; font-size: 12px; font-weight: 700;\">Impressum<\/td><td width=\"20%\"><\/td><td width=\"20%\"><\/td><\/tr><tr><td width=\"60%\">Mensch geht und wirft einen Schatten<\/td><td width=\"20%\">Designb\u00fcro Zabel<\/td><td width=\"20%\">Susanne Zabel<\/td><\/tr><\/table><table align=\"center\" width=\"100%\" height=\"auto\" cellpadding=\"5\" cellspasing=\"0\"><tr><td width=\"60%\" style=\"color: #B72722; font-size: 12px; font-weight: 700;\">Platzhalterseite<\/td><td width=\"20%\"><\/td><td width=\"20%\"><\/td><\/tr><tr><td width=\"60%\">Bildschirm mit Notizzettel<\/td><td width=\"20%\">Designb\u00fcro Zabel<\/td><td width=\"20%\">Paul H\u00fcnem\u00f6rder<\/td><\/tr><\/table><\/div><\/div>\n<\/div>\n\n<div class=\"fw-row\">\n\t<div class=\"fw-col-xs-12\">\n\t\n\t<div class=\"fw-divider-space\" style=\"padding-top: 50px;\"><\/div>\n<\/div>\n<\/div>\n\n\t<\/div>\n<\/section>\n<\/p>\n","protected":false},"excerpt":{"rendered":"<p>Impressum Angaben gem\u00e4\u00df \u00a7 5 TMGDesignb\u00fcro Zabel im WerkkontorHolzstra\u00dfe 16444869 BochumInhaberinDipl.-Kom.-Des. Susanne ZabelKontaktTelefon: 0234-37999867E-Mail: zabel@designbuero-zabel.deAGBDie allgemeinen Gesch\u00e4ftsbedingungen (AGB) der Agentur Designb\u00fcro Zabel im Werkkontor: Hier als PDF herunterladenUmsatzsteuerUmsatzsteuer-Identifikationsnummer gem\u00e4\u00df \u00a727aUmsatzsteuergesetz: DE151629998Verantwortlich f\u00fcr den Inhaltnach \u00a7 55 Abs. 2 RStVDipl.-Kom.-Des. Susanne ZabelHolzstra\u00dfe 16444869 BochumStreitschlichtungDie Europ\u00e4ische Kommission stellt eine Plattform zur Online- Streitbeilegung (OS) bereit: https:\/\/ec.europa.eu\/ consumers\/ [&hellip;]<\/p>\n","protected":false},"author":1,"featured_media":0,"parent":0,"menu_order":0,"comment_status":"closed","ping_status":"closed","template":"","meta":{"footnotes":""},"class_list":["post-564","page","type-page","status-publish","hentry"],"_links":{"self":[{"href":"https:\/\/designbuero-zabel.de\/index.php?rest_route=\/wp\/v2\/pages\/564","targetHints":{"allow":["GET"]}}],"collection":[{"href":"https:\/\/designbuero-zabel.de\/index.php?rest_route=\/wp\/v2\/pages"}],"about":[{"href":"https:\/\/designbuero-zabel.de\/index.php?rest_route=\/wp\/v2\/types\/page"}],"author":[{"embeddable":true,"href":"https:\/\/designbuero-zabel.de\/index.php?rest_route=\/wp\/v2\/users\/1"}],"replies":[{"embeddable":true,"href":"https:\/\/designbuero-zabel.de\/index.php?rest_route=%2Fwp%2Fv2%2Fcomments&post=564"}],"version-history":[{"count":55,"href":"https:\/\/designbuero-zabel.de\/index.php?rest_route=\/wp\/v2\/pages\/564\/revisions"}],"predecessor-version":[{"id":2586,"href":"https:\/\/designbuero-zabel.de\/index.php?rest_route=\/wp\/v2\/pages\/564\/revisions\/2586"}],"wp:attachment":[{"href":"https:\/\/designbuero-zabel.de\/index.php?rest_route=%2Fwp%2Fv2%2Fmedia&parent=564"}],"curies":[{"name":"wp","href":"https:\/\/api.w.org\/{rel}","templated":true}]}}